{"version":"1.0","provider_name":"V\u00e4tgas Sverige","provider_url":"https:\/\/iwdev.se\/vatgas","title":"V\u00e5ga vara vision\u00e4r: Planera f\u00f6r \u00f6kad anv\u00e4ndning av f\u00f6rnybar el","type":"rich","width":600,"height":338,"html":"<blockquote class=\"wp-embedded-content\" data-secret=\"LdaYNH442d\"><a href=\"https:\/\/iwdev.se\/vatgas\/2021\/01\/14\/vaga-vara-visionar-planera-for-okad-elanvandning\/\">V\u00e5ga vara vision\u00e4r: Planera f\u00f6r \u00f6kad anv\u00e4ndning av f\u00f6rnybar el<\/a><\/blockquote><iframe sandbox=\"allow-scripts\" security=\"restricted\" src=\"https:\/\/iwdev.se\/vatgas\/2021\/01\/14\/vaga-vara-visionar-planera-for-okad-elanvandning\/embed\/#?secret=LdaYNH442d\" width=\"600\" height=\"338\" title=\"\u201dV\u00e5ga vara vision\u00e4r: Planera f\u00f6r \u00f6kad anv\u00e4ndning av f\u00f6rnybar el\u201d &ndash; V\u00e4tgas Sverige\" data-secret=\"LdaYNH442d\" frameborder=\"0\" marginwidth=\"0\" marginheight=\"0\" scrolling=\"no\" class=\"wp-embedded-content\"><\/iframe><script type=\"text\/javascript\">\n\/* <![CDATA[ *\/\n\/*! This file is auto-generated *\/\n!function(d,l){\"use strict\";l.querySelector&&d.addEventListener&&\"undefined\"!=typeof URL&&(d.wp=d.wp||{},d.wp.receiveEmbedMessage||(d.wp.receiveEmbedMessage=function(e){var t=e.data;if((t||t.secret||t.message||t.value)&&!\/[^a-zA-Z0-9]\/.test(t.secret)){for(var s,r,n,a=l.querySelectorAll('iframe[data-secret=\"'+t.secret+'\"]'),o=l.querySelectorAll('blockquote[data-secret=\"'+t.secret+'\"]'),c=new RegExp(\"^https?:$\",\"i\"),i=0;i<o.length;i++)o[i].style.display=\"none\";for(i=0;i<a.length;i++)s=a[i],e.source===s.contentWindow&&(s.removeAttribute(\"style\"),\"height\"===t.message?(1e3<(r=parseInt(t.value,10))?r=1e3:~~r<200&&(r=200),s.height=r):\"link\"===t.message&&(r=new URL(s.getAttribute(\"src\")),n=new URL(t.value),c.test(n.protocol))&&n.host===r.host&&l.activeElement===s&&(d.top.location.href=t.value))}},d.addEventListener(\"message\",d.wp.receiveEmbedMessage,!1),l.addEventListener(\"DOMContentLoaded\",function(){for(var e,t,s=l.querySelectorAll(\"iframe.wp-embedded-content\"),r=0;r<s.length;r++)(t=(e=s[r]).getAttribute(\"data-secret\"))||(t=Math.random().toString(36).substring(2,12),e.src+=\"#?secret=\"+t,e.setAttribute(\"data-secret\",t)),e.contentWindow.postMessage({message:\"ready\",secret:t},\"*\")},!1)))}(window,document);\n\/\/# sourceURL=https:\/\/iwdev.se\/vatgas\/wp-includes\/js\/wp-embed.min.js\n\/* ]]> *\/\n<\/script>\n","thumbnail_url":"https:\/\/iwdev.se\/vatgas\/wp-content\/uploads\/2021\/01\/vind-och-solceller-scaled-1.jpg","thumbnail_width":2560,"thumbnail_height":1097,"description":"I takt med att industrin fasar ut fossil energi kommer kraven p\u00e5 f\u00f6rnybar el \u00f6ka allt mer. \u00c5r 2050 f\u00f6rv\u00e4ntas anv\u00e4ndningen av el bli fyra g\u00e5nger h\u00f6gre mot vad den \u00e4r idag. Regeringens nya strategi f\u00f6r elektrifiering m\u00e5ste v\u00e4ga in den snabbt intensifierade elanv\u00e4ndningen. I DN debatt skriver vi tillsammans med Power Circle, Svensk Solenergi [...]"}