{"version":"1.0","provider_name":"V\u00e4tgas Sverige","provider_url":"https:\/\/iwdev.se\/vatgas","title":"Volvo satsar p\u00e5 nytt aff\u00e4rsomr\u00e5de inom elektrifiering","type":"rich","width":600,"height":338,"html":"<blockquote class=\"wp-embedded-content\" data-secret=\"AAib0OWgQj\"><a href=\"https:\/\/iwdev.se\/vatgas\/2021\/02\/03\/volvo-satsar-pa-nytt-affarsomrade-inom-elektrifiering\/\">Volvo satsar p\u00e5 nytt aff\u00e4rsomr\u00e5de inom elektrifiering<\/a><\/blockquote><iframe sandbox=\"allow-scripts\" security=\"restricted\" src=\"https:\/\/iwdev.se\/vatgas\/2021\/02\/03\/volvo-satsar-pa-nytt-affarsomrade-inom-elektrifiering\/embed\/#?secret=AAib0OWgQj\" width=\"600\" height=\"338\" title=\"\u201dVolvo satsar p\u00e5 nytt aff\u00e4rsomr\u00e5de inom elektrifiering\u201d &ndash; V\u00e4tgas Sverige\" data-secret=\"AAib0OWgQj\" frameborder=\"0\" marginwidth=\"0\" marginheight=\"0\" scrolling=\"no\" class=\"wp-embedded-content\"><\/iframe><script type=\"text\/javascript\">\n\/* <![CDATA[ *\/\n\/*! This file is auto-generated *\/\n!function(d,l){\"use strict\";l.querySelector&&d.addEventListener&&\"undefined\"!=typeof URL&&(d.wp=d.wp||{},d.wp.receiveEmbedMessage||(d.wp.receiveEmbedMessage=function(e){var t=e.data;if((t||t.secret||t.message||t.value)&&!\/[^a-zA-Z0-9]\/.test(t.secret)){for(var s,r,n,a=l.querySelectorAll('iframe[data-secret=\"'+t.secret+'\"]'),o=l.querySelectorAll('blockquote[data-secret=\"'+t.secret+'\"]'),c=new RegExp(\"^https?:$\",\"i\"),i=0;i<o.length;i++)o[i].style.display=\"none\";for(i=0;i<a.length;i++)s=a[i],e.source===s.contentWindow&&(s.removeAttribute(\"style\"),\"height\"===t.message?(1e3<(r=parseInt(t.value,10))?r=1e3:~~r<200&&(r=200),s.height=r):\"link\"===t.message&&(r=new URL(s.getAttribute(\"src\")),n=new URL(t.value),c.test(n.protocol))&&n.host===r.host&&l.activeElement===s&&(d.top.location.href=t.value))}},d.addEventListener(\"message\",d.wp.receiveEmbedMessage,!1),l.addEventListener(\"DOMContentLoaded\",function(){for(var e,t,s=l.querySelectorAll(\"iframe.wp-embedded-content\"),r=0;r<s.length;r++)(t=(e=s[r]).getAttribute(\"data-secret\"))||(t=Math.random().toString(36).substring(2,12),e.src+=\"#?secret=\"+t,e.setAttribute(\"data-secret\",t)),e.contentWindow.postMessage({message:\"ready\",secret:t},\"*\")},!1)))}(window,document);\n\/\/# sourceURL=https:\/\/iwdev.se\/vatgas\/wp-includes\/js\/wp-embed.min.js\n\/* ]]> *\/\n<\/script>\n","thumbnail_url":"https:\/\/iwdev.se\/vatgas\/wp-content\/uploads\/2021\/02\/T2020_0987.jpg","thumbnail_width":800,"thumbnail_height":450,"description":"Batterier, laddning, \u00e5tervinning och v\u00e4tgas \u00e4r ledorden n\u00e4r Volvokoncernen bildar ett nytt aff\u00e4rsomr\u00e5de, Volvo Energy. Det nya aff\u00e4rsomr\u00e5det kommer att effektivisera interna aktiviteter kring elektrifiering. De kommer att sl\u00e5 ihop aktiviteter kring energi- och laddningsstruktur, men \u00e4ven erbjuda sina kunder anv\u00e4nda batterier f\u00f6r lagringsl\u00f6sningar. V\u00e4tgasinfrastruktur f\u00f6r br\u00e4nslecellsfordon ing\u00e5r \u00e4ven i det nya aff\u00e4rsomr\u00e5det. Volvo menar [...]"}