{"version":"1.0","provider_name":"V\u00e4tgas Sverige","provider_url":"https:\/\/iwdev.se\/vatgas","title":"Tema Transport - Almedalsveckan 2023","type":"rich","width":600,"height":338,"html":"<blockquote class=\"wp-embedded-content\" data-secret=\"L2i4pjleYd\"><a href=\"https:\/\/iwdev.se\/vatgas\/2023\/06\/15\/tema-transport-almedalsveckan-2023\/\">Tema Transport &#8211; Almedalsveckan 2023<\/a><\/blockquote><iframe sandbox=\"allow-scripts\" security=\"restricted\" src=\"https:\/\/iwdev.se\/vatgas\/2023\/06\/15\/tema-transport-almedalsveckan-2023\/embed\/#?secret=L2i4pjleYd\" width=\"600\" height=\"338\" title=\"\u201dTema Transport &#8211; Almedalsveckan 2023\u201d &ndash; V\u00e4tgas Sverige\" data-secret=\"L2i4pjleYd\" frameborder=\"0\" marginwidth=\"0\" marginheight=\"0\" scrolling=\"no\" class=\"wp-embedded-content\"><\/iframe><script type=\"text\/javascript\">\n\/* <![CDATA[ *\/\n\/*! This file is auto-generated *\/\n!function(d,l){\"use strict\";l.querySelector&&d.addEventListener&&\"undefined\"!=typeof URL&&(d.wp=d.wp||{},d.wp.receiveEmbedMessage||(d.wp.receiveEmbedMessage=function(e){var t=e.data;if((t||t.secret||t.message||t.value)&&!\/[^a-zA-Z0-9]\/.test(t.secret)){for(var s,r,n,a=l.querySelectorAll('iframe[data-secret=\"'+t.secret+'\"]'),o=l.querySelectorAll('blockquote[data-secret=\"'+t.secret+'\"]'),c=new RegExp(\"^https?:$\",\"i\"),i=0;i<o.length;i++)o[i].style.display=\"none\";for(i=0;i<a.length;i++)s=a[i],e.source===s.contentWindow&&(s.removeAttribute(\"style\"),\"height\"===t.message?(1e3<(r=parseInt(t.value,10))?r=1e3:~~r<200&&(r=200),s.height=r):\"link\"===t.message&&(r=new URL(s.getAttribute(\"src\")),n=new URL(t.value),c.test(n.protocol))&&n.host===r.host&&l.activeElement===s&&(d.top.location.href=t.value))}},d.addEventListener(\"message\",d.wp.receiveEmbedMessage,!1),l.addEventListener(\"DOMContentLoaded\",function(){for(var e,t,s=l.querySelectorAll(\"iframe.wp-embedded-content\"),r=0;r<s.length;r++)(t=(e=s[r]).getAttribute(\"data-secret\"))||(t=Math.random().toString(36).substring(2,12),e.src+=\"#?secret=\"+t,e.setAttribute(\"data-secret\",t)),e.contentWindow.postMessage({message:\"ready\",secret:t},\"*\")},!1)))}(window,document);\n\/\/# sourceURL=https:\/\/iwdev.se\/vatgas\/wp-includes\/js\/wp-embed.min.js\n\/* ]]> *\/\n<\/script>\n","thumbnail_url":"https:\/\/iwdev.se\/vatgas\/wp-content\/uploads\/2023\/07\/1687254331515.jpeg","thumbnail_width":800,"thumbnail_height":452,"description":"Let\u2019s start the conversation. Transporter ber\u00f6r oss alla. Utsl\u00e4pp av\u00a0v\u00e4xthusgaser\u00a0fr\u00e5n inrikes transporter svarar f\u00f6r knappt en tredjedel av Sveriges totala utsl\u00e4pp.\u00a0F\u00f6r att fasa ut fossila br\u00e4nslen inom transportsektorn, sker en utveckling av\u00a0v\u00e4tgas inom alla transportslag. En\u00a0v\u00e4tgasinfrastruktur b\u00f6rjar v\u00e4xa fram. Men var \u00e4r fordonen och politiken? Det kommer en m\u00e4ngd f\u00f6rordningar och direktiv fr\u00e5n EU, hur [...]"}