{"version":"1.0","provider_name":"V\u00e4tgas Sverige","provider_url":"https:\/\/iwdev.se\/vatgas","title":"\u00d6sterrike f\u00f6rsta IKEA-varuhuset att anv\u00e4nda v\u00e4tgaslastbilar","type":"rich","width":600,"height":338,"html":"<blockquote class=\"wp-embedded-content\" data-secret=\"yKdbkP6vLx\"><a href=\"https:\/\/iwdev.se\/vatgas\/2023\/10\/11\/osterrike-forsta-ikea-varuhuset-att-anvanda-vatgaslastbilar\/\">\u00d6sterrike f\u00f6rsta IKEA-varuhuset att anv\u00e4nda v\u00e4tgaslastbilar<\/a><\/blockquote><iframe sandbox=\"allow-scripts\" security=\"restricted\" src=\"https:\/\/iwdev.se\/vatgas\/2023\/10\/11\/osterrike-forsta-ikea-varuhuset-att-anvanda-vatgaslastbilar\/embed\/#?secret=yKdbkP6vLx\" width=\"600\" height=\"338\" title=\"\u201d\u00d6sterrike f\u00f6rsta IKEA-varuhuset att anv\u00e4nda v\u00e4tgaslastbilar\u201d &ndash; V\u00e4tgas Sverige\" data-secret=\"yKdbkP6vLx\" frameborder=\"0\" marginwidth=\"0\" marginheight=\"0\" scrolling=\"no\" class=\"wp-embedded-content\"><\/iframe><script type=\"text\/javascript\">\n\/* <![CDATA[ *\/\n\/*! This file is auto-generated *\/\n!function(d,l){\"use strict\";l.querySelector&&d.addEventListener&&\"undefined\"!=typeof URL&&(d.wp=d.wp||{},d.wp.receiveEmbedMessage||(d.wp.receiveEmbedMessage=function(e){var t=e.data;if((t||t.secret||t.message||t.value)&&!\/[^a-zA-Z0-9]\/.test(t.secret)){for(var s,r,n,a=l.querySelectorAll('iframe[data-secret=\"'+t.secret+'\"]'),o=l.querySelectorAll('blockquote[data-secret=\"'+t.secret+'\"]'),c=new RegExp(\"^https?:$\",\"i\"),i=0;i<o.length;i++)o[i].style.display=\"none\";for(i=0;i<a.length;i++)s=a[i],e.source===s.contentWindow&&(s.removeAttribute(\"style\"),\"height\"===t.message?(1e3<(r=parseInt(t.value,10))?r=1e3:~~r<200&&(r=200),s.height=r):\"link\"===t.message&&(r=new URL(s.getAttribute(\"src\")),n=new URL(t.value),c.test(n.protocol))&&n.host===r.host&&l.activeElement===s&&(d.top.location.href=t.value))}},d.addEventListener(\"message\",d.wp.receiveEmbedMessage,!1),l.addEventListener(\"DOMContentLoaded\",function(){for(var e,t,s=l.querySelectorAll(\"iframe.wp-embedded-content\"),r=0;r<s.length;r++)(t=(e=s[r]).getAttribute(\"data-secret\"))||(t=Math.random().toString(36).substring(2,12),e.src+=\"#?secret=\"+t,e.setAttribute(\"data-secret\",t)),e.contentWindow.postMessage({message:\"ready\",secret:t},\"*\")},!1)))}(window,document);\n\/\/# sourceURL=https:\/\/iwdev.se\/vatgas\/wp-includes\/js\/wp-embed.min.js\n\/* ]]> *\/\n<\/script>\n","thumbnail_url":"https:\/\/iwdev.se\/vatgas\/wp-content\/uploads\/2023\/10\/Bilder-till-hemsidan.png","thumbnail_width":600,"thumbnail_height":450,"description":"De senaste tv\u00e5 \u00e5ren har IKEA anv\u00e4nt elbilar f\u00f6r transporter inom stadsomr\u00e5den. Nu ut\u00f6kar IKEA \u00d6sterrike sina utsl\u00e4ppsfria transporter med v\u00e4tgasdrivna fordon, och tar ytterligare ett steg mot att g\u00f6ra alla leveranser i hela \u00d6sterrike utsl\u00e4ppsfria till 2025. Utsl\u00e4ppen av v\u00e4xthusgaser l\u00e4ngs f\u00f6rs\u00f6rjningskedjorna \u00e4r ett problem med allvarlig klimatp\u00e5verkan. D\u00e4rf\u00f6r vidtar IKEA \u00d6sterrike ytterligare \u00e5tg\u00e4rder [...]"}